{"id":16,"date":"2026-02-10T17:09:33","date_gmt":"2026-02-10T17:09:33","guid":{"rendered":"https:\/\/cada-umontreal.com\/?page_id=16"},"modified":"2026-02-25T01:55:49","modified_gmt":"2026-02-25T01:55:49","slug":"programme-2026","status":"publish","type":"page","link":"https:\/\/cada-umontreal.com\/?page_id=16","title":{"rendered":"Programme 2026"},"content":{"rendered":"\n<div class=\"wp-block-group alignfull has-accent-background-color has-background has-global-padding is-layout-constrained wp-container-core-group-is-layout-669513ed wp-block-group-is-layout-constrained\" style=\"margin-top:0;margin-bottom:0;padding-top:var(--wp--preset--spacing--50);padding-right:var(--wp--preset--spacing--50);padding-bottom:var(--wp--preset--spacing--50);padding-left:var(--wp--preset--spacing--50)\">\n<div class=\"wp-block-columns alignwide is-layout-flex wp-container-core-columns-is-layout-1da03c2a wp-block-columns-is-layout-flex\">\n<div class=\"wp-block-column is-vertically-aligned-stretch is-layout-flow wp-block-column-is-layout-flow\" style=\"flex-basis:50%\">\n<div class=\"wp-block-group is-vertical is-content-justification-stretch is-layout-flex wp-container-core-group-is-layout-444d5ee8 wp-block-group-is-layout-flex\" style=\"min-height:100%\">\n<p class=\"has-heading-font-family has-x-large-font-size\" style=\"line-height:1.2\">Le CADA est fier de vous inviter \u00e0 sa huiti\u00e8me \u00e9dition sous le th\u00e8me de l\u2019\u00c9MERGENCE !<\/p>\n\n\n\n<p>Le colloque se d\u00e9roulera en mode hybride: en pr\u00e9sentiel dans la salle C-3061 du Pavillon Lionel-Groulx de l&#8217;Universit\u00e9 de Montr\u00e9al, et sur ZOOM (voir lien en haut de la page).<\/p>\n<\/div>\n<\/div>\n\n\n\n<div class=\"wp-block-column is-vertically-aligned-center is-layout-flow wp-block-column-is-layout-flow\" style=\"flex-basis:50%\">\n<figure class=\"wp-block-image size-large is-style-rounded is-style-rounded--1\"><img loading=\"lazy\" decoding=\"async\" width=\"662\" height=\"1024\" src=\"https:\/\/cada-umontreal.com\/wp-content\/uploads\/2026\/02\/cada2026_vfinale-1-662x1024.jpg\" alt=\"\" class=\"wp-image-46\" style=\"aspect-ratio:3\/4;object-fit:cover\" srcset=\"https:\/\/cada-umontreal.com\/wp-content\/uploads\/2026\/02\/cada2026_vfinale-1-662x1024.jpg 662w, https:\/\/cada-umontreal.com\/wp-content\/uploads\/2026\/02\/cada2026_vfinale-1-194x300.jpg 194w, https:\/\/cada-umontreal.com\/wp-content\/uploads\/2026\/02\/cada2026_vfinale-1-768x1187.jpg 768w, https:\/\/cada-umontreal.com\/wp-content\/uploads\/2026\/02\/cada2026_vfinale-1-994x1536.jpg 994w, https:\/\/cada-umontreal.com\/wp-content\/uploads\/2026\/02\/cada2026_vfinale-1.jpg 1242w\" sizes=\"auto, (max-width: 662px) 100vw, 662px\" \/><\/figure>\n<\/div>\n<\/div>\n<\/div>\n\n\n\n<figure class=\"wp-block-image size-large\"><img loading=\"lazy\" decoding=\"async\" width=\"806\" height=\"1024\" src=\"https:\/\/cada-umontreal.com\/wp-content\/uploads\/2026\/02\/Cada2026_17mars-806x1024.jpg\" alt=\"\" class=\"wp-image-47\" srcset=\"https:\/\/cada-umontreal.com\/wp-content\/uploads\/2026\/02\/Cada2026_17mars-806x1024.jpg 806w, https:\/\/cada-umontreal.com\/wp-content\/uploads\/2026\/02\/Cada2026_17mars-236x300.jpg 236w, https:\/\/cada-umontreal.com\/wp-content\/uploads\/2026\/02\/Cada2026_17mars-768x976.jpg 768w, https:\/\/cada-umontreal.com\/wp-content\/uploads\/2026\/02\/Cada2026_17mars-1208x1536.jpg 1208w, https:\/\/cada-umontreal.com\/wp-content\/uploads\/2026\/02\/Cada2026_17mars-1611x2048.jpg 1611w, https:\/\/cada-umontreal.com\/wp-content\/uploads\/2026\/02\/Cada2026_17mars-scaled.jpg 2014w\" sizes=\"auto, (max-width: 806px) 100vw, 806px\" \/><\/figure>\n\n\n\n<figure class=\"wp-block-image size-large\"><img loading=\"lazy\" decoding=\"async\" width=\"806\" height=\"1024\" src=\"https:\/\/cada-umontreal.com\/wp-content\/uploads\/2026\/02\/Cada2026_18mars-806x1024.jpg\" alt=\"\" class=\"wp-image-44\" srcset=\"https:\/\/cada-umontreal.com\/wp-content\/uploads\/2026\/02\/Cada2026_18mars-806x1024.jpg 806w, https:\/\/cada-umontreal.com\/wp-content\/uploads\/2026\/02\/Cada2026_18mars-236x300.jpg 236w, https:\/\/cada-umontreal.com\/wp-content\/uploads\/2026\/02\/Cada2026_18mars-768x976.jpg 768w, https:\/\/cada-umontreal.com\/wp-content\/uploads\/2026\/02\/Cada2026_18mars-1208x1536.jpg 1208w, https:\/\/cada-umontreal.com\/wp-content\/uploads\/2026\/02\/Cada2026_18mars-1611x2048.jpg 1611w, https:\/\/cada-umontreal.com\/wp-content\/uploads\/2026\/02\/Cada2026_18mars-scaled.jpg 2014w\" sizes=\"auto, (max-width: 806px) 100vw, 806px\" \/><\/figure>\n\n\n\n<figure class=\"wp-block-image size-large\"><img loading=\"lazy\" decoding=\"async\" width=\"806\" height=\"1024\" src=\"https:\/\/cada-umontreal.com\/wp-content\/uploads\/2026\/02\/Cada2026_19mars-806x1024.jpg\" alt=\"\" class=\"wp-image-45\" srcset=\"https:\/\/cada-umontreal.com\/wp-content\/uploads\/2026\/02\/Cada2026_19mars-806x1024.jpg 806w, https:\/\/cada-umontreal.com\/wp-content\/uploads\/2026\/02\/Cada2026_19mars-236x300.jpg 236w, https:\/\/cada-umontreal.com\/wp-content\/uploads\/2026\/02\/Cada2026_19mars-768x976.jpg 768w, https:\/\/cada-umontreal.com\/wp-content\/uploads\/2026\/02\/Cada2026_19mars-1208x1536.jpg 1208w, https:\/\/cada-umontreal.com\/wp-content\/uploads\/2026\/02\/Cada2026_19mars-1611x2048.jpg 1611w, https:\/\/cada-umontreal.com\/wp-content\/uploads\/2026\/02\/Cada2026_19mars-scaled.jpg 2014w\" sizes=\"auto, (max-width: 806px) 100vw, 806px\" \/><\/figure>\n\n\n\n<div class=\"wp-block-group alignfull has-base-background-color has-background has-global-padding is-layout-constrained wp-container-core-group-is-layout-d89aad35 wp-block-group-is-layout-constrained\" style=\"margin-top:0;margin-bottom:0;padding-top:var(--wp--preset--spacing--50);padding-right:var(--wp--preset--spacing--50);padding-bottom:var(--wp--preset--spacing--50);padding-left:var(--wp--preset--spacing--50)\">\n<div class=\"wp-block-columns alignwide is-layout-flex wp-container-core-columns-is-layout-549b0c86 wp-block-columns-is-layout-flex\">\n<div class=\"wp-block-column is-vertically-aligned-top has-global-padding is-content-justification-right is-layout-constrained wp-container-core-column-is-layout-3a399119 wp-block-column-is-layout-constrained\" style=\"flex-basis:40%\">\n<figure class=\"wp-block-image size-large\"><img loading=\"lazy\" decoding=\"async\" width=\"1024\" height=\"891\" src=\"https:\/\/cada-umontreal.com\/wp-content\/uploads\/2026\/02\/CADA-collant-1-1024x891.png\" alt=\"\" class=\"wp-image-48\" srcset=\"https:\/\/cada-umontreal.com\/wp-content\/uploads\/2026\/02\/CADA-collant-1-1024x891.png 1024w, https:\/\/cada-umontreal.com\/wp-content\/uploads\/2026\/02\/CADA-collant-1-300x261.png 300w, https:\/\/cada-umontreal.com\/wp-content\/uploads\/2026\/02\/CADA-collant-1-768x668.png 768w, https:\/\/cada-umontreal.com\/wp-content\/uploads\/2026\/02\/CADA-collant-1.png 1536w\" sizes=\"auto, (max-width: 1024px) 100vw, 1024px\" \/><\/figure>\n<\/div>\n\n\n\n<div class=\"wp-block-column is-layout-flow wp-container-core-column-is-layout-119bc444 wp-block-column-is-layout-flow\" style=\"flex-basis:60%\">\n<p class=\"has-heading-font-family has-medium-font-size\" style=\"line-height:1.2\">Le <strong>Colloque Annuel du D\u00e9partement d\u2019Anthropologie (CADA)<\/strong> <strong>de l\u2019Universit\u00e9 de Montr\u00e9al<\/strong> a pour mission de favoriser le dialogue entre les diff\u00e9rentes approches et perspectives de l\u2019\u00e9tude de l\u2019humain. Chaque ann\u00e9e, cet \u00e9v\u00e8nement r\u00e9unit plus d\u2019une centaine de personnes \u00e9tudiantes, professeures et chercheures issues des quatre sous-disciplines de l\u2019anthropologie et de domaines connexes. Cet espace d\u2019\u00e9change privil\u00e9gi\u00e9 permet de susciter des r\u00e9flexions interdisciplinaires autour d\u2019une th\u00e9matique commune, et de solidifier les liens intra- et inter-institutionnels. Cette huiti\u00e8me \u00e9dition se d\u00e9roulera du <strong>17 au 19 mars 2026. <\/strong><\/p>\n\n\n\n<div class=\"wp-block-columns is-layout-flex wp-container-core-columns-is-layout-87beb0d0 wp-block-columns-is-layout-flex\">\n<div class=\"wp-block-column is-layout-flow wp-block-column-is-layout-flow\"><\/div>\n\n\n\n<div class=\"wp-block-column is-layout-flow wp-block-column-is-layout-flow\"><\/div>\n<\/div>\n<\/div>\n<\/div>\n<\/div>\n\n\n\n<div class=\"wp-block-group alignfull has-base-color has-contrast-background-color has-text-color has-background has-link-color wp-elements-60969ad3eaf31a4e653e71d0d0760841 has-global-padding is-layout-constrained wp-container-core-group-is-layout-d89aad35 wp-block-group-is-layout-constrained\" style=\"margin-top:0;margin-bottom:0;padding-top:var(--wp--preset--spacing--50);padding-right:var(--wp--preset--spacing--50);padding-bottom:var(--wp--preset--spacing--50);padding-left:var(--wp--preset--spacing--50)\">\n<h2 class=\"wp-block-heading alignwide has-base-color has-text-color has-link-color has-xx-large-font-size wp-elements-13613abc8d414eb67c9f24be06211b96\" style=\"letter-spacing:-0.02em\">Questions<\/h2>\n\n\n\n<div class=\"wp-block-group alignwide is-layout-flow wp-block-group-is-layout-flow\">\n<hr class=\"wp-block-separator has-text-color has-base-color has-alpha-channel-opacity has-base-background-color has-background is-style-wide\" style=\"margin-top:var(--wp--preset--spacing--30);margin-bottom:var(--wp--preset--spacing--30)\"\/>\n\n\n\n<h3 class=\"wp-block-heading alignwide has-base-2-color has-text-color has-link-color wp-elements-6b0bba8736b133f74354cc08c9b9c963\">Des repas ou des boissons seront-ils fournis lors du CADA ?<\/h3>\n\n\n\n<p class=\"has-contrast-1-color has-text-color has-link-color wp-elements-23b7734ce8de57253be5dd33cc0d4bba\">Caf\u00e9 et viennoiseries seront offerts les matins, diner-traiteur les midis ainsi qu\u2019un cocktail de type vin et fromage \u00e0 la fermeture.<\/p>\n\n\n\n<hr class=\"wp-block-separator has-text-color has-base-color has-alpha-channel-opacity has-base-background-color has-background is-style-wide\" style=\"margin-top:var(--wp--preset--spacing--30);margin-bottom:var(--wp--preset--spacing--30)\"\/>\n\n\n\n<h3 class=\"wp-block-heading alignwide has-base-2-color has-text-color has-link-color wp-elements-d1096368d2b502a5111085f709166dfc\">Puis-je acc\u00e9der le CADA par Zoom?<\/h3>\n\n\n\n<p class=\"has-contrast-1-color has-text-color has-link-color wp-elements-b7eb80cb24ac12e7fdccd42542715a38\">Oui, cette conf\u00e9rence sera en mode hybride en 2026. Voir le lien ZOOM en haut de la page. <\/p>\n\n\n\n<hr class=\"wp-block-separator has-text-color has-base-color has-alpha-channel-opacity has-base-background-color has-background is-style-wide\" style=\"margin-top:var(--wp--preset--spacing--30);margin-bottom:var(--wp--preset--spacing--30)\"\/>\n\n\n\n<h3 class=\"wp-block-heading alignwide has-base-2-color has-text-color has-link-color wp-elements-029b743afc30fe117fe9af6a8454c909\">O\u00f9 se tiendra la conf\u00e9rence ?<\/h3>\n\n\n\n<p class=\"has-contrast-1-color has-text-color has-link-color wp-elements-ae515988b1abbd1bdef39916f3c8e170\">La conf\u00e9rence aura lieu dans la salle C-3061 sur la troisi\u00e8me \u00e9tage du Pavillon Lionel-Groulx, Universit\u00e9 de Montr\u00e9al, 3150 Jean Brillant St, Montreal, Quebec H3T 1N8, Canada.<\/p>\n\n\n\n<hr class=\"wp-block-separator has-text-color has-base-color has-alpha-channel-opacity has-base-background-color has-background is-style-wide\" style=\"margin-top:var(--wp--preset--spacing--30);margin-bottom:var(--wp--preset--spacing--30)\"\/>\n\n\n\n<h3 class=\"wp-block-heading alignwide has-base-2-color has-text-color has-link-color wp-elements-d67f3aee6f5780369742134fb29ba828\">Puis-je \u00eatre b\u00e9n\u00e9vole lors de la conf\u00e9rence ?<\/h3>\n\n\n\n<p class=\"has-contrast-1-color has-text-color has-link-color wp-elements-b2fa475c5142c56d5ce0d4da3dcb2043\">Oui, on est \u00e0 la recherche de b\u00e9n\u00e9voles pour l&#8217;accueil et pour assurer le service de cocktail. <br>SVP contactez cada.udem@gmail.com<\/p>\n\n\n\n<div style=\"margin-top:var(--wp--preset--spacing--10);margin-bottom:0;height:var(--wp--preset--spacing--10)\" aria-hidden=\"true\" class=\"wp-block-spacer\"><\/div>\n<\/div>\n<\/div>\n\n\n\n<div class=\"wp-block-group alignfull has-global-padding is-layout-constrained wp-container-core-group-is-layout-669513ed wp-block-group-is-layout-constrained\" style=\"margin-top:0;margin-bottom:0;padding-top:var(--wp--preset--spacing--50);padding-right:var(--wp--preset--spacing--50);padding-bottom:var(--wp--preset--spacing--50);padding-left:var(--wp--preset--spacing--50)\">\n<div class=\"wp-block-group alignwide is-vertical is-content-justification-left is-layout-flex wp-container-core-group-is-layout-dd225191 wp-block-group-is-layout-flex\">\n<h2 class=\"wp-block-heading has-text-align-left has-xx-large-font-size\">L&#8217;\u00e9quipe CADA 2026<\/h2>\n\n\n\n<p class=\"has-text-align-center\"><\/p>\n<\/div>\n\n\n\n<div style=\"height:var(--wp--preset--spacing--30)\" aria-hidden=\"true\" class=\"wp-block-spacer\"><\/div>\n\n\n\n<div class=\"wp-block-columns alignwide is-layout-flex wp-container-core-columns-is-layout-4935966c wp-block-columns-is-layout-flex\" style=\"padding-right:0;padding-left:0\">\n<div class=\"wp-block-column is-layout-flow wp-block-column-is-layout-flow\">\n<figure class=\"wp-block-image size-full is-style-rounded is-style-rounded--2\"><img loading=\"lazy\" decoding=\"async\" width=\"1815\" height=\"1429\" src=\"https:\/\/cada-umontreal.com\/wp-content\/uploads\/2026\/02\/bixie-lacoste-1.jpeg\" alt=\"\" class=\"wp-image-55\" style=\"aspect-ratio:1;object-fit:cover\" srcset=\"https:\/\/cada-umontreal.com\/wp-content\/uploads\/2026\/02\/bixie-lacoste-1.jpeg 1815w, https:\/\/cada-umontreal.com\/wp-content\/uploads\/2026\/02\/bixie-lacoste-1-300x236.jpeg 300w, https:\/\/cada-umontreal.com\/wp-content\/uploads\/2026\/02\/bixie-lacoste-1-1024x806.jpeg 1024w, https:\/\/cada-umontreal.com\/wp-content\/uploads\/2026\/02\/bixie-lacoste-1-768x605.jpeg 768w, https:\/\/cada-umontreal.com\/wp-content\/uploads\/2026\/02\/bixie-lacoste-1-1536x1209.jpeg 1536w\" sizes=\"auto, (max-width: 1815px) 100vw, 1815px\" \/><\/figure>\n\n\n\n<div class=\"wp-block-group is-vertical is-content-justification-center is-nowrap is-layout-flex wp-container-core-group-is-layout-21d4e958 wp-block-group-is-layout-flex\">\n<p class=\"has-text-align-center has-small-font-size\"><strong>Bixie Lacoste<\/strong><\/p>\n\n\n\n<p class=\"has-text-align-center has-small-font-size\">Bixie est charg\u00e9e de cours et doctorante en anthropologie, membre \u00e9tudiante du Laboratoire d\u2019Anthropologie sur les Mouvements sociaux et les Innovations populaires (LAMI). Iel s&#8217;implique \u00e0 titre de co-coordonnatrice b\u00e9n\u00e9vole au sein du CADA, et ce,&nbsp;depuis la 7e \u00e9dition qui a eu lieu en 2024.&nbsp;<\/p>\n<\/div>\n<\/div>\n\n\n\n<div class=\"wp-block-column is-layout-flow wp-block-column-is-layout-flow\">\n<figure class=\"wp-block-image size-full is-style-rounded is-style-rounded--3\"><img loading=\"lazy\" decoding=\"async\" width=\"1204\" height=\"1600\" src=\"https:\/\/cada-umontreal.com\/wp-content\/uploads\/2026\/02\/noemie-grill.jpeg\" alt=\"\" class=\"wp-image-54\" style=\"aspect-ratio:1;object-fit:cover\" srcset=\"https:\/\/cada-umontreal.com\/wp-content\/uploads\/2026\/02\/noemie-grill.jpeg 1204w, https:\/\/cada-umontreal.com\/wp-content\/uploads\/2026\/02\/noemie-grill-226x300.jpeg 226w, https:\/\/cada-umontreal.com\/wp-content\/uploads\/2026\/02\/noemie-grill-771x1024.jpeg 771w, https:\/\/cada-umontreal.com\/wp-content\/uploads\/2026\/02\/noemie-grill-768x1021.jpeg 768w, https:\/\/cada-umontreal.com\/wp-content\/uploads\/2026\/02\/noemie-grill-1156x1536.jpeg 1156w\" sizes=\"auto, (max-width: 1204px) 100vw, 1204px\" \/><\/figure>\n\n\n\n<div class=\"wp-block-group is-vertical is-content-justification-center is-nowrap is-layout-flex wp-container-core-group-is-layout-63bfd6c1 wp-block-group-is-layout-flex\">\n<p class=\"has-text-align-center has-small-font-size\"><strong>No\u00e9mie Grill<\/strong><\/p>\n\n\n\n<p class=\"has-text-align-center has-small-font-size\"><\/p>\n<\/div>\n<\/div>\n\n\n\n<div class=\"wp-block-column is-layout-flow wp-block-column-is-layout-flow\">\n\n\n<div class=\"wp-block-group is-vertical is-content-justification-center is-nowrap is-layout-flex wp-container-core-group-is-layout-63bfd6c1 wp-block-group-is-layout-flex\">\n<p class=\"has-text-align-center has-small-font-size\"><strong>Lucile Dubois<\/strong><\/p>\n\n\n\n<p class=\"has-text-align-center has-small-font-size\"><\/p>\n<\/div>\n<\/div>\n\n\n\n<div class=\"wp-block-column is-layout-flow wp-block-column-is-layout-flow\">\n\n\n<div class=\"wp-block-group is-vertical is-content-justification-center is-nowrap is-layout-flex wp-container-core-group-is-layout-21d4e958 wp-block-group-is-layout-flex\">\n<p class=\"has-text-align-center has-small-font-size\"><strong>L\u00e9o Lahaise<\/strong><\/p>\n\n\n\n<p class=\"has-text-align-center has-small-font-size\"><\/p>\n<\/div>\n<\/div>\n<\/div>\n<\/div>\n\n\n\n<figure class=\"wp-block-image size-large\"><img loading=\"lazy\" decoding=\"async\" width=\"1024\" height=\"332\" src=\"https:\/\/cada-umontreal.com\/wp-content\/uploads\/2026\/02\/CADA-2026-Banner-1024x332.jpg\" alt=\"\" class=\"wp-image-20\" srcset=\"https:\/\/cada-umontreal.com\/wp-content\/uploads\/2026\/02\/CADA-2026-Banner-1024x332.jpg 1024w, https:\/\/cada-umontreal.com\/wp-content\/uploads\/2026\/02\/CADA-2026-Banner-300x97.jpg 300w, https:\/\/cada-umontreal.com\/wp-content\/uploads\/2026\/02\/CADA-2026-Banner-768x249.jpg 768w, https:\/\/cada-umontreal.com\/wp-content\/uploads\/2026\/02\/CADA-2026-Banner-1536x498.jpg 1536w, https:\/\/cada-umontreal.com\/wp-content\/uploads\/2026\/02\/CADA-2026-Banner-2048x664.jpg 2048w\" sizes=\"auto, (max-width: 1024px) 100vw, 1024px\" \/><\/figure>\n\n\n\n<p><\/p>\n","protected":false},"excerpt":{"rendered":"<p>Le CADA est fier de vous inviter \u00e0 sa huiti\u00e8me \u00e9dition sous le th\u00e8me de l\u2019\u00c9MERGENCE ! Le colloque se d\u00e9roulera en mode hybride: en pr\u00e9sentiel dans la salle C-3061 du Pavillon Lionel-Groulx de l&#8217;Universit\u00e9 de Montr\u00e9al, et sur ZOOM (voir lien en haut de la page). Le Colloque Annuel du D\u00e9partement d\u2019Anthropologie (CADA) de [&hellip;]<\/p>\n","protected":false},"author":1,"featured_media":0,"parent":0,"menu_order":0,"comment_status":"closed","ping_status":"closed","template":"","meta":{"footnotes":""},"class_list":["post-16","page","type-page","status-publish","hentry"],"yoast_head":"<!-- This site is optimized with the Yoast SEO plugin v27.5 - https:\/\/yoast.com\/product\/yoast-seo-wordpress\/ -->\n<title>Programme 2026 - CADA<\/title>\n<meta name=\"robots\" content=\"index, follow, max-snippet:-1, max-image-preview:large, max-video-preview:-1\" \/>\n<link rel=\"canonical\" href=\"https:\/\/cada-umontreal.com\/?page_id=16\" \/>\n<meta property=\"og:locale\" content=\"en_US\" \/>\n<meta property=\"og:type\" content=\"article\" \/>\n<meta property=\"og:title\" content=\"Programme 2026 - CADA\" \/>\n<meta property=\"og:description\" content=\"Le CADA est fier de vous inviter \u00e0 sa huiti\u00e8me \u00e9dition sous le th\u00e8me de l\u2019\u00c9MERGENCE ! Le colloque se d\u00e9roulera en mode hybride: en pr\u00e9sentiel dans la salle C-3061 du Pavillon Lionel-Groulx de l&#8217;Universit\u00e9 de Montr\u00e9al, et sur ZOOM (voir lien en haut de la page). Le Colloque Annuel du D\u00e9partement d\u2019Anthropologie (CADA) de [&hellip;]\" \/>\n<meta property=\"og:url\" content=\"https:\/\/cada-umontreal.com\/?page_id=16\" \/>\n<meta property=\"og:site_name\" content=\"CADA\" \/>\n<meta property=\"article:modified_time\" content=\"2026-02-25T01:55:49+00:00\" \/>\n<meta property=\"og:image\" content=\"https:\/\/cada-umontreal.com\/wp-content\/uploads\/2026\/02\/cada2026_vfinale-1.jpg\" \/>\n\t<meta property=\"og:image:width\" content=\"1242\" \/>\n\t<meta property=\"og:image:height\" content=\"1920\" \/>\n\t<meta property=\"og:image:type\" content=\"image\/jpeg\" \/>\n<meta name=\"twitter:card\" content=\"summary_large_image\" \/>\n<meta name=\"twitter:label1\" content=\"Est. reading time\" \/>\n\t<meta name=\"twitter:data1\" content=\"4 minutes\" \/>\n<script type=\"application\/ld+json\" class=\"yoast-schema-graph\">{\"@context\":\"https:\\\/\\\/schema.org\",\"@graph\":[{\"@type\":\"WebPage\",\"@id\":\"https:\\\/\\\/cada-umontreal.com\\\/?page_id=16\",\"url\":\"https:\\\/\\\/cada-umontreal.com\\\/?page_id=16\",\"name\":\"Programme 2026 - CADA\",\"isPartOf\":{\"@id\":\"https:\\\/\\\/cada-umontreal.com\\\/#website\"},\"primaryImageOfPage\":{\"@id\":\"https:\\\/\\\/cada-umontreal.com\\\/?page_id=16#primaryimage\"},\"image\":{\"@id\":\"https:\\\/\\\/cada-umontreal.com\\\/?page_id=16#primaryimage\"},\"thumbnailUrl\":\"https:\\\/\\\/cada-umontreal.com\\\/wp-content\\\/uploads\\\/2026\\\/02\\\/cada2026_vfinale-1-662x1024.jpg\",\"datePublished\":\"2026-02-10T17:09:33+00:00\",\"dateModified\":\"2026-02-25T01:55:49+00:00\",\"breadcrumb\":{\"@id\":\"https:\\\/\\\/cada-umontreal.com\\\/?page_id=16#breadcrumb\"},\"inLanguage\":\"en-US\",\"potentialAction\":[{\"@type\":\"ReadAction\",\"target\":[\"https:\\\/\\\/cada-umontreal.com\\\/?page_id=16\"]}]},{\"@type\":\"ImageObject\",\"inLanguage\":\"en-US\",\"@id\":\"https:\\\/\\\/cada-umontreal.com\\\/?page_id=16#primaryimage\",\"url\":\"https:\\\/\\\/cada-umontreal.com\\\/wp-content\\\/uploads\\\/2026\\\/02\\\/cada2026_vfinale-1.jpg\",\"contentUrl\":\"https:\\\/\\\/cada-umontreal.com\\\/wp-content\\\/uploads\\\/2026\\\/02\\\/cada2026_vfinale-1.jpg\",\"width\":1242,\"height\":1920},{\"@type\":\"BreadcrumbList\",\"@id\":\"https:\\\/\\\/cada-umontreal.com\\\/?page_id=16#breadcrumb\",\"itemListElement\":[{\"@type\":\"ListItem\",\"position\":1,\"name\":\"Accueil\",\"item\":\"https:\\\/\\\/cada-umontreal.com\\\/\"},{\"@type\":\"ListItem\",\"position\":2,\"name\":\"Programme 2026\"}]},{\"@type\":\"WebSite\",\"@id\":\"https:\\\/\\\/cada-umontreal.com\\\/#website\",\"url\":\"https:\\\/\\\/cada-umontreal.com\\\/\",\"name\":\"CADA\",\"description\":\"Le Colloque annuel du D\u00e9partement d\u2019anthropologie de l\u2019UdeM (CADA)\",\"publisher\":{\"@id\":\"https:\\\/\\\/cada-umontreal.com\\\/#organization\"},\"potentialAction\":[{\"@type\":\"SearchAction\",\"target\":{\"@type\":\"EntryPoint\",\"urlTemplate\":\"https:\\\/\\\/cada-umontreal.com\\\/?s={search_term_string}\"},\"query-input\":{\"@type\":\"PropertyValueSpecification\",\"valueRequired\":true,\"valueName\":\"search_term_string\"}}],\"inLanguage\":\"en-US\"},{\"@type\":\"Organization\",\"@id\":\"https:\\\/\\\/cada-umontreal.com\\\/#organization\",\"name\":\"CADA\",\"url\":\"https:\\\/\\\/cada-umontreal.com\\\/\",\"logo\":{\"@type\":\"ImageObject\",\"inLanguage\":\"en-US\",\"@id\":\"https:\\\/\\\/cada-umontreal.com\\\/#\\\/schema\\\/logo\\\/image\\\/\",\"url\":\"https:\\\/\\\/cada-umontreal.com\\\/wp-content\\\/uploads\\\/2026\\\/02\\\/CADA-logo.png\",\"contentUrl\":\"https:\\\/\\\/cada-umontreal.com\\\/wp-content\\\/uploads\\\/2026\\\/02\\\/CADA-logo.png\",\"width\":400,\"height\":400,\"caption\":\"CADA\"},\"image\":{\"@id\":\"https:\\\/\\\/cada-umontreal.com\\\/#\\\/schema\\\/logo\\\/image\\\/\"}}]}<\/script>\n<!-- \/ Yoast SEO plugin. -->","yoast_head_json":{"title":"Programme 2026 - CADA","robots":{"index":"index","follow":"follow","max-snippet":"max-snippet:-1","max-image-preview":"max-image-preview:large","max-video-preview":"max-video-preview:-1"},"canonical":"https:\/\/cada-umontreal.com\/?page_id=16","og_locale":"en_US","og_type":"article","og_title":"Programme 2026 - CADA","og_description":"Le CADA est fier de vous inviter \u00e0 sa huiti\u00e8me \u00e9dition sous le th\u00e8me de l\u2019\u00c9MERGENCE ! Le colloque se d\u00e9roulera en mode hybride: en pr\u00e9sentiel dans la salle C-3061 du Pavillon Lionel-Groulx de l&#8217;Universit\u00e9 de Montr\u00e9al, et sur ZOOM (voir lien en haut de la page). Le Colloque Annuel du D\u00e9partement d\u2019Anthropologie (CADA) de [&hellip;]","og_url":"https:\/\/cada-umontreal.com\/?page_id=16","og_site_name":"CADA","article_modified_time":"2026-02-25T01:55:49+00:00","og_image":[{"width":1242,"height":1920,"url":"https:\/\/cada-umontreal.com\/wp-content\/uploads\/2026\/02\/cada2026_vfinale-1.jpg","type":"image\/jpeg"}],"twitter_card":"summary_large_image","twitter_misc":{"Est. reading time":"4 minutes"},"schema":{"@context":"https:\/\/schema.org","@graph":[{"@type":"WebPage","@id":"https:\/\/cada-umontreal.com\/?page_id=16","url":"https:\/\/cada-umontreal.com\/?page_id=16","name":"Programme 2026 - CADA","isPartOf":{"@id":"https:\/\/cada-umontreal.com\/#website"},"primaryImageOfPage":{"@id":"https:\/\/cada-umontreal.com\/?page_id=16#primaryimage"},"image":{"@id":"https:\/\/cada-umontreal.com\/?page_id=16#primaryimage"},"thumbnailUrl":"https:\/\/cada-umontreal.com\/wp-content\/uploads\/2026\/02\/cada2026_vfinale-1-662x1024.jpg","datePublished":"2026-02-10T17:09:33+00:00","dateModified":"2026-02-25T01:55:49+00:00","breadcrumb":{"@id":"https:\/\/cada-umontreal.com\/?page_id=16#breadcrumb"},"inLanguage":"en-US","potentialAction":[{"@type":"ReadAction","target":["https:\/\/cada-umontreal.com\/?page_id=16"]}]},{"@type":"ImageObject","inLanguage":"en-US","@id":"https:\/\/cada-umontreal.com\/?page_id=16#primaryimage","url":"https:\/\/cada-umontreal.com\/wp-content\/uploads\/2026\/02\/cada2026_vfinale-1.jpg","contentUrl":"https:\/\/cada-umontreal.com\/wp-content\/uploads\/2026\/02\/cada2026_vfinale-1.jpg","width":1242,"height":1920},{"@type":"BreadcrumbList","@id":"https:\/\/cada-umontreal.com\/?page_id=16#breadcrumb","itemListElement":[{"@type":"ListItem","position":1,"name":"Accueil","item":"https:\/\/cada-umontreal.com\/"},{"@type":"ListItem","position":2,"name":"Programme 2026"}]},{"@type":"WebSite","@id":"https:\/\/cada-umontreal.com\/#website","url":"https:\/\/cada-umontreal.com\/","name":"CADA","description":"Le Colloque annuel du D\u00e9partement d\u2019anthropologie de l\u2019UdeM (CADA)","publisher":{"@id":"https:\/\/cada-umontreal.com\/#organization"},"potentialAction":[{"@type":"SearchAction","target":{"@type":"EntryPoint","urlTemplate":"https:\/\/cada-umontreal.com\/?s={search_term_string}"},"query-input":{"@type":"PropertyValueSpecification","valueRequired":true,"valueName":"search_term_string"}}],"inLanguage":"en-US"},{"@type":"Organization","@id":"https:\/\/cada-umontreal.com\/#organization","name":"CADA","url":"https:\/\/cada-umontreal.com\/","logo":{"@type":"ImageObject","inLanguage":"en-US","@id":"https:\/\/cada-umontreal.com\/#\/schema\/logo\/image\/","url":"https:\/\/cada-umontreal.com\/wp-content\/uploads\/2026\/02\/CADA-logo.png","contentUrl":"https:\/\/cada-umontreal.com\/wp-content\/uploads\/2026\/02\/CADA-logo.png","width":400,"height":400,"caption":"CADA"},"image":{"@id":"https:\/\/cada-umontreal.com\/#\/schema\/logo\/image\/"}}]}},"_links":{"self":[{"href":"https:\/\/cada-umontreal.com\/index.php?rest_route=\/wp\/v2\/pages\/16","targetHints":{"allow":["GET"]}}],"collection":[{"href":"https:\/\/cada-umontreal.com\/index.php?rest_route=\/wp\/v2\/pages"}],"about":[{"href":"https:\/\/cada-umontreal.com\/index.php?rest_route=\/wp\/v2\/types\/page"}],"author":[{"embeddable":true,"href":"https:\/\/cada-umontreal.com\/index.php?rest_route=\/wp\/v2\/users\/1"}],"replies":[{"embeddable":true,"href":"https:\/\/cada-umontreal.com\/index.php?rest_route=%2Fwp%2Fv2%2Fcomments&post=16"}],"version-history":[{"count":10,"href":"https:\/\/cada-umontreal.com\/index.php?rest_route=\/wp\/v2\/pages\/16\/revisions"}],"predecessor-version":[{"id":75,"href":"https:\/\/cada-umontreal.com\/index.php?rest_route=\/wp\/v2\/pages\/16\/revisions\/75"}],"wp:attachment":[{"href":"https:\/\/cada-umontreal.com\/index.php?rest_route=%2Fwp%2Fv2%2Fmedia&parent=16"}],"curies":[{"name":"wp","href":"https:\/\/api.w.org\/{rel}","templated":true}]}}